{"id":5975,"date":"2024-04-17T15:01:48","date_gmt":"2024-04-17T13:01:48","guid":{"rendered":"https:\/\/ag-homedeco.com\/?page_id=5975"},"modified":"2024-04-25T16:18:35","modified_gmt":"2024-04-25T14:18:35","slug":"fresque-murale-jura","status":"publish","type":"page","link":"https:\/\/ag-homedeco.com\/index.php\/fresque-murale-jura\/","title":{"rendered":"Fresque murale Jura"},"content":{"rendered":"\n\t<section id=\"hero-mb-block-a8a278c7-77af-4d17-906c-4fc72b7f6a5b\" class=\"section section-hero  alignfull section-hero section-hero-image content-white has-overlay\">\n\n\t\t \n\t\t\t<picture>\n\t\t\t\t<source media=\"(min-width: 768px)\" \n\t\t\t\tsrcset=\"https:\/\/ag-homedeco.com\/wp-content\/uploads\/2024\/04\/Illustration_sans_titre-e1713359487168.jpg\">\n\t\t\t\t<source srcset=\"https:\/\/ag-homedeco.com\/wp-content\/uploads\/2024\/04\/Illustration_sans_titre-e1713359487168.jpg\">\n\t\t\t\t<img decoding=\"async\" class=\"hero-image hero-background hero-content-left  hmobile-contentv-middle\" src=\"https:\/\/ag-homedeco.com\/wp-content\/uploads\/2024\/04\/Illustration_sans_titre-e1713359487168.jpg\" alt=\"\" \/>\n\t\t\t<\/picture>\n\t\t\n\t\t<div class=\"hero-content-wrap centered-content image-uploaded hero-content-left  hmobile-contentv-middle half-width-overlay\"  style=\"background-color:rgba(17,17,17,0.2)\" >\n\t\t\t<div class=\"hero-content section-content\">\n\t\t\t\t\t\t\t\t\t\t\t\t\t<div class=\"hero-content-item hero-subtitle subtitle-above use-body-font\"  data-aos=\"fade-down\" data-aos-delay=\"100\"  >SECTEUR JURA<\/div>\n\t\t\t\t\t\t\t\t\t\t                \t<h1 class=\"hero-content-item hero-title page-title\"  data-aos=\"slide-up\"  >Je vous propose des fresques murales sur-mesure<\/h1>\n\t\t                \n\t\t                \t\t                \t\t                \t\t\t<\/div>\n\t\t<\/div>\n\n\t\t\n\t<\/section> \n\n\n\n\n\t<section id=\"contentboxes-mb-block-bacab16f-ee40-4b6c-96a0-bb15f397ae6a\" class=\"section section-contentboxes  alignfull \">\n\n\t\t<div class=\"contentboxes-wrap none\">\n\t\t\t\t\t<div class=\"contentboxes-masonry \">\n\n\t\t\t\t<div class=\"grid-sizer-contentboxes\"><\/div>\n\n\t\t\t\t\n\t\t\t\t<div class=\"content-box- contentboxes-image-wrap bg-color quarter-width half-height content-white no-vertical-text has-content  \"  data-aos=\"fade-up\" data-aos-delay=\"100\"  >\n\n\t\t\t\t\t<div class=\"contentboxes-image-wrap-inner\">\n\n\t\t\t\t\t\n\t\t\t\t\t\t<div class=\"contentboxes-zoom-wrap \">\n\t\t\t\t\t\t\n\t\t\t\t\t\t\n\t\t\t\t\t\t\n\t\t\t\t\t\t\t<div class=\"contentboxes-content-wrap centered-content contentboxes-content-center contentboxes-content-bottom\"  style=\"background-color: #101020\"  >\n\n\t\t\t\t\t\t\t\t\t\t\t\t\t\t\t\t<div class=\"contentboxes-content section-content\">\n\t\t\t\t\t\t\t\t\t\t\t\t\t\t\t\t\t\t\t\t\t\t\t\t\t\t\t\t<div class=\"contentboxes-content-item contentboxes-subtitle subtitle-above use-body-font\"  data-aos=\"fade-down\" data-aos-delay=\"100\"  >Prestation<\/div>\n\t\t\t\t\t\t\t\t\t\t\t\t\t\t\t\t\t\t\t\t\t\t\t\t\t                \t<span class=\"contentboxes-content-item contentboxes-title contentboxes-title-bodyfont\"  data-aos=\"slide-up\"  >\n\t\t\t\t\t\t\t                \t\t<i class=\"pe-7s-home\"><\/i>\r\nFresques murales\t\t\t\t\t\t\t                \t<\/span>\n\t\t\t\t\t\t\t                \t\t\t\t\t\t\t                \t\t\t\t\t\t\t                \t\t\t\t\t\t\t                \t<div class=\"contentboxes-content-item contentboxes-text\"  data-aos=\"fade-right\" data-aos-delay=\"340\"  ><br><\/br><\/div>\n\t\t\t\t\t\t\t                \t\t\t\t\t\t\t                \t\t\t\t\t\t        \t<\/div>\n\t\t\t\t\t\t        \t\n\t\t\t\t\t\t\t\t\t\t\t\t\t\n\t\t\t\t\t\t<\/div>\n\t\t\t\t\t<\/div>\n\t\t\t\t\t<\/div>\n\n\t\t\t\t\t\t   \t \n\t\t\t\t<\/div>\n\t\t\t\t\t\n\t\t\t\n\t\t\t\t<div class=\"content-box- contentboxes-image-wrap bg-color quarter-width half-height content-white no-vertical-text has-content  \"  data-aos=\"fade-up\" data-aos-delay=\"200\"  >\n\n\t\t\t\t\t<div class=\"contentboxes-image-wrap-inner\">\n\n\t\t\t\t\t\n\t\t\t\t\t\t<div class=\"contentboxes-zoom-wrap \">\n\t\t\t\t\t\t\n\t\t\t\t\t\t\n\t\t\t\t\t\t\n\t\t\t\t\t\t\t<div class=\"contentboxes-content-wrap centered-content contentboxes-content-center contentboxes-content-bottom\"  style=\"background-color: #101020\"  >\n\n\t\t\t\t\t\t\t\t\t\t\t\t\t\t\t\t<div class=\"contentboxes-content section-content\">\n\t\t\t\t\t\t\t\t\t\t\t\t\t\t\t\t\t\t\t\t\t\t\t\t\t\t\t\t<div class=\"contentboxes-content-item contentboxes-subtitle subtitle-above use-body-font\"  data-aos=\"fade-down\" data-aos-delay=\"100\"  >Type de projet<\/div>\n\t\t\t\t\t\t\t\t\t\t\t\t\t\t\t\t\t\t\t\t\t\t\t\t\t                \t<span class=\"contentboxes-content-item contentboxes-title contentboxes-title-bodyfont\"  data-aos=\"slide-up\"  >\n\t\t\t\t\t\t\t                \t\t<i class=\"pe-7s-pen\"><\/i>\r\nToutes pi\u00e8ces. \t\t\t\t\t\t\t                \t<\/span>\n\t\t\t\t\t\t\t                \t\t\t\t\t\t\t                \t\t\t\t\t\t\t                \t\t\t\t\t\t\t                \t<div class=\"contentboxes-content-item contentboxes-text\"  data-aos=\"fade-right\" data-aos-delay=\"340\"  > <br><\/br><\/div>\n\t\t\t\t\t\t\t                \t\t\t\t\t\t\t                \t\t\t\t\t\t        \t<\/div>\n\t\t\t\t\t\t        \t\n\t\t\t\t\t\t\t\t\t\t\t\t\t\n\t\t\t\t\t\t<\/div>\n\t\t\t\t\t<\/div>\n\t\t\t\t\t<\/div>\n\n\t\t\t\t\t\t   \t \n\t\t\t\t<\/div>\n\t\t\t\t\t\n\t\t\t\n\t\t\t\t<div class=\"content-box- contentboxes-image-wrap bg-color quarter-width half-height content-white no-vertical-text has-content  \"  data-aos=\"fade-up\" data-aos-delay=\"300\"  >\n\n\t\t\t\t\t<div class=\"contentboxes-image-wrap-inner\">\n\n\t\t\t\t\t\n\t\t\t\t\t\t<div class=\"contentboxes-zoom-wrap \">\n\t\t\t\t\t\t\n\t\t\t\t\t\t\n\t\t\t\t\t\t\n\t\t\t\t\t\t\t<div class=\"contentboxes-content-wrap centered-content contentboxes-content-center contentboxes-content-bottom\"  style=\"background-color: #101020\"  >\n\n\t\t\t\t\t\t\t\t\t\t\t\t\t\t\t\t<div class=\"contentboxes-content section-content\">\n\t\t\t\t\t\t\t\t\t\t\t\t\t\t\t\t\t\t\t\t\t\t\t\t\t\t\t\t<div class=\"contentboxes-content-item contentboxes-subtitle subtitle-above use-body-font\"  data-aos=\"fade-down\" data-aos-delay=\"100\"  >Intervention<\/div>\n\t\t\t\t\t\t\t\t\t\t\t\t\t\t\t\t\t\t\t\t\t\t\t\t\t                \t<span class=\"contentboxes-content-item contentboxes-title contentboxes-title-bodyfont\"  data-aos=\"slide-up\"  >\n\t\t\t\t\t\t\t                \t\t<i class=\"pe-7s-map-2\"><\/i>\r\nJura. Pro &amp; particuliers\t\t\t\t\t\t\t                \t<\/span>\n\t\t\t\t\t\t\t                \t\t\t\t\t\t\t                \t\t\t\t\t\t\t                \t\t\t\t\t\t\t                \t<div class=\"contentboxes-content-item contentboxes-text\"  data-aos=\"fade-right\" data-aos-delay=\"340\"  ><br><\/br><\/div>\n\t\t\t\t\t\t\t                \t\t\t\t\t\t\t                \t\t\t\t\t\t        \t<\/div>\n\t\t\t\t\t\t        \t\n\t\t\t\t\t\t\t\t\t\t\t\t\t\n\t\t\t\t\t\t<\/div>\n\t\t\t\t\t<\/div>\n\t\t\t\t\t<\/div>\n\n\t\t\t\t\t\t   \t \n\t\t\t\t<\/div>\n\t\t\t\t\t\n\t\t\t\n\t\t\t\t<div class=\"content-box- contentboxes-image-wrap bg-color quarter-width half-height content-white no-vertical-text has-content  \"  data-aos=\"fade-up\" data-aos-delay=\"400\"  >\n\n\t\t\t\t\t<div class=\"contentboxes-image-wrap-inner\">\n\n\t\t\t\t\t\n\t\t\t\t\t\t<div class=\"contentboxes-zoom-wrap \">\n\t\t\t\t\t\t\n\t\t\t\t\t\t\n\t\t\t\t\t\t\n\t\t\t\t\t\t\t<div class=\"contentboxes-content-wrap centered-content contentboxes-content-center contentboxes-content-bottom\"  style=\"background-color: #101020\"  >\n\n\t\t\t\t\t\t\t\t\t\t\t\t\t\t\t\t<div class=\"contentboxes-content section-content\">\n\t\t\t\t\t\t\t\t\t\t\t\t\t\t\t\t\t\t\t\t\t\t\t\t\t\t\t\t<div class=\"contentboxes-content-item contentboxes-subtitle subtitle-above use-body-font\"  data-aos=\"fade-down\" data-aos-delay=\"100\"  >Tarif<\/div>\n\t\t\t\t\t\t\t\t\t\t\t\t\t\t\t\t\t\t\t\t\t\t\t\t\t                \t<span class=\"contentboxes-content-item contentboxes-title contentboxes-title-bodyfont\"  data-aos=\"slide-up\"  >\n\t\t\t\t\t\t\t                \t\t<i class=\"pe-7s-piggy\"><\/i>\r\n100\u20ac\/ML\t\t\t\t\t\t\t                \t<\/span>\n\t\t\t\t\t\t\t                \t\t\t\t\t\t\t                \t\t\t\t\t\t\t                \t\t\t\t\t\t\t                \t<div class=\"contentboxes-content-item contentboxes-text\"  data-aos=\"fade-right\" data-aos-delay=\"340\"  ><br> <\/br><\/div>\n\t\t\t\t\t\t\t                \t\t\t\t\t\t\t                \t\t\t\t\t\t        \t<\/div>\n\t\t\t\t\t\t        \t\n\t\t\t\t\t\t\t\t\t\t\t\t\t\n\t\t\t\t\t\t<\/div>\n\t\t\t\t\t<\/div>\n\t\t\t\t\t<\/div>\n\n\t\t\t\t\t\t   \t \n\t\t\t\t<\/div>\n\t\t\t\t\t\n\t\t\t\t\t\t<\/div>\n\t\t\t\t<\/div>\n\n\t<\/section> \n\n\n\n\n<div class=\"wp-block-media-text alignfull is-stacked-on-mobile is-image-fill\"><figure class=\"wp-block-media-text__media\" style=\"background-image:url(https:\/\/ag-homedeco.com\/wp-content\/uploads\/2024\/04\/fresque-murale-jura-1800x1350.jpg);background-position:50% 50%\"><img loading=\"lazy\" decoding=\"async\" width=\"1800\" height=\"1350\" src=\"https:\/\/ag-homedeco.com\/wp-content\/uploads\/2024\/04\/fresque-murale-jura-1800x1350.jpg\" alt=\"Fresque murale jura\" class=\"wp-image-5995 size-full\" srcset=\"https:\/\/ag-homedeco.com\/wp-content\/uploads\/2024\/04\/fresque-murale-jura-1800x1350.jpg 1800w, https:\/\/ag-homedeco.com\/wp-content\/uploads\/2024\/04\/fresque-murale-jura-800x600.jpg 800w, https:\/\/ag-homedeco.com\/wp-content\/uploads\/2024\/04\/fresque-murale-jura-768x576.jpg 768w, https:\/\/ag-homedeco.com\/wp-content\/uploads\/2024\/04\/fresque-murale-jura-1536x1152.jpg 1536w, https:\/\/ag-homedeco.com\/wp-content\/uploads\/2024\/04\/fresque-murale-jura-2048x1536.jpg 2048w, https:\/\/ag-homedeco.com\/wp-content\/uploads\/2024\/04\/fresque-murale-jura-1600x1200.jpg 1600w, https:\/\/ag-homedeco.com\/wp-content\/uploads\/2024\/04\/fresque-murale-jura-1200x900.jpg 1200w, https:\/\/ag-homedeco.com\/wp-content\/uploads\/2024\/04\/fresque-murale-jura-560x420.jpg 560w, https:\/\/ag-homedeco.com\/wp-content\/uploads\/2024\/04\/fresque-murale-jura-120x90.jpg 120w\" sizes=\"(max-width: 1800px) 100vw, 1800px\" \/><\/figure><div class=\"wp-block-media-text__content\">\n<p><strong>Vous souhaitez personnaliser votre pi\u00e8ce avec un d\u00e9cor unique et \u00e0 votre image ? Je vous propose de r\u00e9aliser une fresque murale florale r\u00e9alis\u00e9e \u00e0 la main. <\/strong><\/p>\n\n\n\n<p>Dans une chambre, un salon ou un local professionnel, j&rsquo;adapte la fresque murale \u00e0 la taille de votre mur, ainsi qu&rsquo;\u00e0 vos go\u00fbts et envies.<br><br>Je r\u00e9alises mes fresques murales dans le Jura, secteurs de Lons-le-Saunier, Bletterans, Champagnole, Poligny, Dole etc..<\/p>\n<\/div><\/div>\n\n\n\n<div class=\"wp-block-columns alignfull has-white-color has-text-color has-background is-layout-flex wp-container-core-columns-layout-1 wp-block-columns-is-layout-flex\" style=\"background-color:#101020\">\n<div class=\"wp-block-column is-layout-flow wp-block-column-is-layout-flow\" style=\"flex-basis:5%\"><\/div>\n\n\n\n<div class=\"wp-block-column is-layout-flow wp-block-column-is-layout-flow\" style=\"flex-basis:90%\">\n<p class=\"has-text-align-left has-white-color has-text-color has-background\" style=\"background-color:#101020\">L&rsquo;OFFRE FRESQUE MURALE COMPREND*<br><br>\u2713 La r\u00e9alisation de plusieurs croquis<br>\u2713 La r\u00e9alisation de la fresque sur-mesure (mat\u00e9riel inclus)<br>\u2713 Tarif : 100 \u20ac par m\u00e8tre lin\u00e9aire. Le tarif peut varier en fonction de la taille du mur, la complexit\u00e9 du projet et les frais de d\u00e9placement. Ex: pour un mur de 4m &#8211;&gt; 400\u20ac TTC<br><br><em>* Suppl\u00e9ment pour les d\u00e9placements au-del\u00e0 de 30 km (aller) autour de Domblans = 0,60\u20ac \/ km<\/em><\/p>\n\n\n\n<div class=\"wp-block-buttons is-content-justification-center is-layout-flex wp-container-core-buttons-layout-1 wp-block-buttons-is-layout-flex\">\n<div class=\"wp-block-button is-style-outline\"><a class=\"wp-block-button__link has-white-color has-text-color has-text-align-center wp-element-button\" href=\"https:\/\/ag-homedeco.com\/index.php\/contactez-moi-decoration-interieur-jura\/\">PRENDRE RENDEZ-VOUS<\/a><\/div>\n<\/div>\n\n\n\n<pre class=\"wp-block-code has-background\" style=\"background-color:#101020\"><code><\/code><\/pre>\n<\/div>\n\n\n\n<div class=\"wp-block-column is-layout-flow wp-block-column-is-layout-flow\" style=\"flex-basis:5%\"><\/div>\n<\/div>\n\n\n\n<p><\/p>\n\n\n\n<p class=\"has-white-color has-text-color\"><em>* Suppl\u00e9ment pour les d\u00e9placements au-del\u00e0 de 30 km (aller) autour de Domblans = 0,60\u20ac \/ km<\/em><\/p>\n","protected":false},"excerpt":{"rendered":"Vous souhaitez personnaliser votre pi\u00e8ce avec un d\u00e9cor unique et \u00e0 votre image ? Je vous propose de r\u00e9aliser une fresque murale florale ...","protected":false},"author":1,"featured_media":0,"parent":0,"menu_order":13,"comment_status":"closed","ping_status":"closed","template":"","meta":{"footnotes":""},"yoast_head":"<!-- This site is optimized with the Yoast SEO plugin v22.1 - https:\/\/yoast.com\/wordpress\/plugins\/seo\/ -->\n<title>Fresque murale Jura dans le Jura<\/title>\n<meta name=\"description\" content=\"Fresque murale sur-mesure dans le Jura. Pour les particuliers ou professionnels. Secteur Lons-le-Saunier, Champagnole, Poligny, Bletterans\" \/>\n<meta name=\"robots\" content=\"index, follow, max-snippet:-1, max-image-preview:large, max-video-preview:-1\" \/>\n<link rel=\"canonical\" href=\"https:\/\/ag-homedeco.com\/index.php\/fresque-murale-jura\/\" \/>\n<meta property=\"og:locale\" content=\"fr_FR\" \/>\n<meta property=\"og:type\" content=\"article\" \/>\n<meta property=\"og:title\" content=\"Fresque murale Jura dans le Jura\" \/>\n<meta property=\"og:description\" content=\"Fresque murale sur-mesure dans le Jura. Pour les particuliers ou professionnels. Secteur Lons-le-Saunier, Champagnole, Poligny, Bletterans\" \/>\n<meta property=\"og:url\" content=\"https:\/\/ag-homedeco.com\/index.php\/fresque-murale-jura\/\" \/>\n<meta property=\"og:site_name\" content=\"AG Home Deco\" \/>\n<meta property=\"article:publisher\" content=\"https:\/\/www.facebook.com\/AGHomeDeco39\/\" \/>\n<meta property=\"article:modified_time\" content=\"2024-04-25T14:18:35+00:00\" \/>\n<meta property=\"og:image\" content=\"https:\/\/ag-homedeco.com\/wp-content\/uploads\/2024\/04\/fresque-murale-jura-1800x1350.jpg\" \/>\n<meta name=\"twitter:card\" content=\"summary_large_image\" \/>\n<meta name=\"twitter:label1\" content=\"Dur\u00e9e de lecture estim\u00e9e\" \/>\n\t<meta name=\"twitter:data1\" content=\"1 minute\" \/>\n<script type=\"application\/ld+json\" class=\"yoast-schema-graph\">{\"@context\":\"https:\/\/schema.org\",\"@graph\":[{\"@type\":\"WebPage\",\"@id\":\"https:\/\/ag-homedeco.com\/index.php\/fresque-murale-jura\/\",\"url\":\"https:\/\/ag-homedeco.com\/index.php\/fresque-murale-jura\/\",\"name\":\"Fresque murale Jura dans le Jura\",\"isPartOf\":{\"@id\":\"https:\/\/ag-homedeco.com\/#website\"},\"datePublished\":\"2024-04-17T13:01:48+00:00\",\"dateModified\":\"2024-04-25T14:18:35+00:00\",\"description\":\"Fresque murale sur-mesure dans le Jura. Pour les particuliers ou professionnels. Secteur Lons-le-Saunier, Champagnole, Poligny, Bletterans\",\"breadcrumb\":{\"@id\":\"https:\/\/ag-homedeco.com\/index.php\/fresque-murale-jura\/#breadcrumb\"},\"inLanguage\":\"fr-FR\",\"potentialAction\":[{\"@type\":\"ReadAction\",\"target\":[\"https:\/\/ag-homedeco.com\/index.php\/fresque-murale-jura\/\"]}]},{\"@type\":\"BreadcrumbList\",\"@id\":\"https:\/\/ag-homedeco.com\/index.php\/fresque-murale-jura\/#breadcrumb\",\"itemListElement\":[{\"@type\":\"ListItem\",\"position\":1,\"name\":\"Accueil\",\"item\":\"https:\/\/ag-homedeco.com\/\"},{\"@type\":\"ListItem\",\"position\":2,\"name\":\"Fresque murale Jura\"}]},{\"@type\":\"WebSite\",\"@id\":\"https:\/\/ag-homedeco.com\/#website\",\"url\":\"https:\/\/ag-homedeco.com\/\",\"name\":\"AG Home Deco\",\"description\":\"D\u00e9coration dint\u00e9rieur\",\"publisher\":{\"@id\":\"https:\/\/ag-homedeco.com\/#organization\"},\"potentialAction\":[{\"@type\":\"SearchAction\",\"target\":{\"@type\":\"EntryPoint\",\"urlTemplate\":\"https:\/\/ag-homedeco.com\/?s={search_term_string}\"},\"query-input\":\"required name=search_term_string\"}],\"inLanguage\":\"fr-FR\"},{\"@type\":\"Organization\",\"@id\":\"https:\/\/ag-homedeco.com\/#organization\",\"name\":\"AG Home Deco\",\"url\":\"https:\/\/ag-homedeco.com\/\",\"logo\":{\"@type\":\"ImageObject\",\"inLanguage\":\"fr-FR\",\"@id\":\"https:\/\/ag-homedeco.com\/#\/schema\/logo\/image\/\",\"url\":\"https:\/\/ag-homedeco.com\/wp-content\/uploads\/2021\/04\/Fichier-1-1.png\",\"contentUrl\":\"https:\/\/ag-homedeco.com\/wp-content\/uploads\/2021\/04\/Fichier-1-1.png\",\"width\":500,\"height\":239,\"caption\":\"AG Home Deco\"},\"image\":{\"@id\":\"https:\/\/ag-homedeco.com\/#\/schema\/logo\/image\/\"},\"sameAs\":[\"https:\/\/www.facebook.com\/AGHomeDeco39\/\",\"https:\/\/www.instagram.com\/ag_homedeco\/\"]}]}<\/script>\n<!-- \/ Yoast SEO plugin. -->","yoast_head_json":{"title":"Fresque murale Jura dans le Jura","description":"Fresque murale sur-mesure dans le Jura. Pour les particuliers ou professionnels. Secteur Lons-le-Saunier, Champagnole, Poligny, Bletterans","robots":{"index":"index","follow":"follow","max-snippet":"max-snippet:-1","max-image-preview":"max-image-preview:large","max-video-preview":"max-video-preview:-1"},"canonical":"https:\/\/ag-homedeco.com\/index.php\/fresque-murale-jura\/","og_locale":"fr_FR","og_type":"article","og_title":"Fresque murale Jura dans le Jura","og_description":"Fresque murale sur-mesure dans le Jura. Pour les particuliers ou professionnels. Secteur Lons-le-Saunier, Champagnole, Poligny, Bletterans","og_url":"https:\/\/ag-homedeco.com\/index.php\/fresque-murale-jura\/","og_site_name":"AG Home Deco","article_publisher":"https:\/\/www.facebook.com\/AGHomeDeco39\/","article_modified_time":"2024-04-25T14:18:35+00:00","og_image":[{"url":"https:\/\/ag-homedeco.com\/wp-content\/uploads\/2024\/04\/fresque-murale-jura-1800x1350.jpg"}],"twitter_card":"summary_large_image","twitter_misc":{"Dur\u00e9e de lecture estim\u00e9e":"1 minute"},"schema":{"@context":"https:\/\/schema.org","@graph":[{"@type":"WebPage","@id":"https:\/\/ag-homedeco.com\/index.php\/fresque-murale-jura\/","url":"https:\/\/ag-homedeco.com\/index.php\/fresque-murale-jura\/","name":"Fresque murale Jura dans le Jura","isPartOf":{"@id":"https:\/\/ag-homedeco.com\/#website"},"datePublished":"2024-04-17T13:01:48+00:00","dateModified":"2024-04-25T14:18:35+00:00","description":"Fresque murale sur-mesure dans le Jura. Pour les particuliers ou professionnels. Secteur Lons-le-Saunier, Champagnole, Poligny, Bletterans","breadcrumb":{"@id":"https:\/\/ag-homedeco.com\/index.php\/fresque-murale-jura\/#breadcrumb"},"inLanguage":"fr-FR","potentialAction":[{"@type":"ReadAction","target":["https:\/\/ag-homedeco.com\/index.php\/fresque-murale-jura\/"]}]},{"@type":"BreadcrumbList","@id":"https:\/\/ag-homedeco.com\/index.php\/fresque-murale-jura\/#breadcrumb","itemListElement":[{"@type":"ListItem","position":1,"name":"Accueil","item":"https:\/\/ag-homedeco.com\/"},{"@type":"ListItem","position":2,"name":"Fresque murale Jura"}]},{"@type":"WebSite","@id":"https:\/\/ag-homedeco.com\/#website","url":"https:\/\/ag-homedeco.com\/","name":"AG Home Deco","description":"D\u00e9coration dint\u00e9rieur","publisher":{"@id":"https:\/\/ag-homedeco.com\/#organization"},"potentialAction":[{"@type":"SearchAction","target":{"@type":"EntryPoint","urlTemplate":"https:\/\/ag-homedeco.com\/?s={search_term_string}"},"query-input":"required name=search_term_string"}],"inLanguage":"fr-FR"},{"@type":"Organization","@id":"https:\/\/ag-homedeco.com\/#organization","name":"AG Home Deco","url":"https:\/\/ag-homedeco.com\/","logo":{"@type":"ImageObject","inLanguage":"fr-FR","@id":"https:\/\/ag-homedeco.com\/#\/schema\/logo\/image\/","url":"https:\/\/ag-homedeco.com\/wp-content\/uploads\/2021\/04\/Fichier-1-1.png","contentUrl":"https:\/\/ag-homedeco.com\/wp-content\/uploads\/2021\/04\/Fichier-1-1.png","width":500,"height":239,"caption":"AG Home Deco"},"image":{"@id":"https:\/\/ag-homedeco.com\/#\/schema\/logo\/image\/"},"sameAs":["https:\/\/www.facebook.com\/AGHomeDeco39\/","https:\/\/www.instagram.com\/ag_homedeco\/"]}]}},"_links":{"self":[{"href":"https:\/\/ag-homedeco.com\/index.php\/wp-json\/wp\/v2\/pages\/5975"}],"collection":[{"href":"https:\/\/ag-homedeco.com\/index.php\/wp-json\/wp\/v2\/pages"}],"about":[{"href":"https:\/\/ag-homedeco.com\/index.php\/wp-json\/wp\/v2\/types\/page"}],"author":[{"embeddable":true,"href":"https:\/\/ag-homedeco.com\/index.php\/wp-json\/wp\/v2\/users\/1"}],"replies":[{"embeddable":true,"href":"https:\/\/ag-homedeco.com\/index.php\/wp-json\/wp\/v2\/comments?post=5975"}],"version-history":[{"count":22,"href":"https:\/\/ag-homedeco.com\/index.php\/wp-json\/wp\/v2\/pages\/5975\/revisions"}],"predecessor-version":[{"id":6088,"href":"https:\/\/ag-homedeco.com\/index.php\/wp-json\/wp\/v2\/pages\/5975\/revisions\/6088"}],"wp:attachment":[{"href":"https:\/\/ag-homedeco.com\/index.php\/wp-json\/wp\/v2\/media?parent=5975"}],"curies":[{"name":"wp","href":"https:\/\/api.w.org\/{rel}","templated":true}]}}