{"id":522,"date":"2020-05-14T16:54:09","date_gmt":"2020-05-14T16:54:09","guid":{"rendered":"http:\/\/redhost:8888\/amaya\/?page_id=522"},"modified":"2025-12-24T14:13:36","modified_gmt":"2025-12-24T13:13:36","slug":"ag-homedeco-decoratrice-lons-le-saunier","status":"publish","type":"page","link":"https:\/\/ag-homedeco.com\/index.php\/ag-homedeco-decoratrice-lons-le-saunier\/","title":{"rendered":"D\u00e9coratrice proche de Lons-le-Saunier"},"content":{"rendered":"\n<p><\/p>\n\n\n\n<div class=\"wp-block-columns is-layout-flex wp-container-core-columns-layout-1 wp-block-columns-is-layout-flex\">\n<div class=\"wp-block-column is-layout-flow wp-block-column-is-layout-flow\" style=\"flex-basis:33.33%\">\n<figure class=\"wp-block-gallery has-nested-images columns-default is-cropped wp-block-gallery-1 is-layout-flex wp-block-gallery-is-layout-flex\">\n<figure class=\"wp-block-image size-large\"><img loading=\"lazy\" decoding=\"async\" width=\"1200\" height=\"1800\" src=\"https:\/\/ag-homedeco.com\/wp-content\/uploads\/2025\/12\/AG-HOME-DECO-BD-12-1200x1800.jpg\" alt=\"Anne-Lise GELOT, d\u00e9coratrice d'int\u00e9rieur \u00e0 Lons le Saunier\" class=\"wp-image-6177\" srcset=\"https:\/\/ag-homedeco.com\/wp-content\/uploads\/2025\/12\/AG-HOME-DECO-BD-12-1200x1800.jpg 1200w, https:\/\/ag-homedeco.com\/wp-content\/uploads\/2025\/12\/AG-HOME-DECO-BD-12-533x800.jpg 533w, https:\/\/ag-homedeco.com\/wp-content\/uploads\/2025\/12\/AG-HOME-DECO-BD-12-768x1152.jpg 768w, https:\/\/ag-homedeco.com\/wp-content\/uploads\/2025\/12\/AG-HOME-DECO-BD-12-1024x1536.jpg 1024w, https:\/\/ag-homedeco.com\/wp-content\/uploads\/2025\/12\/AG-HOME-DECO-BD-12-800x1200.jpg 800w, https:\/\/ag-homedeco.com\/wp-content\/uploads\/2025\/12\/AG-HOME-DECO-BD-12-560x840.jpg 560w, https:\/\/ag-homedeco.com\/wp-content\/uploads\/2025\/12\/AG-HOME-DECO-BD-12.jpg 1280w\" sizes=\"(max-width: 1200px) 100vw, 1200px\" \/><figcaption class=\"wp-element-caption\">\u00a9Loris fae<\/figcaption><\/figure>\n<\/figure>\n<\/div>\n\n\n\n<div class=\"wp-block-column is-layout-flow wp-block-column-is-layout-flow\" style=\"flex-basis:66.66%\">\n<h2 class=\"wp-block-heading subtitle subtitle-block subtitle-above has-normal-font-size\">D\u00c9CORATRICE A QUELQUES KILOM\u00c8TRES DE LONS-LE-SAUNIER DANS LE JURA<\/h2>\n\n\n\n<p class=\"has-text-align-left\" style=\"font-size:15px\"><br>Je m&rsquo;appelle Anne-Lise GELOT et je suis d\u00e9coratrice d&rsquo;int\u00e9rieur \u00e0 Domblans, proche de Lons-le-Saunier dans le Jura.<br>Apr\u00e8s une dizaine d\u2019ann\u00e9e d&rsquo;exp\u00e9rience professionnelle dans le Marketing et le Web, dans le secteur du tourisme, je me suis reconvertie dans la D\u00e9coration.<br>J&rsquo;ai suivi une formation \u00e0 distance de plusieurs mois avec le <a href=\"https:\/\/www.centre-europeen-formation.fr\/\" target=\"_blank\" rel=\"noreferrer noopener\">Centre Europ\u00e9en de Formation<\/a> qui m&rsquo;a permis de conna\u00eetre toutes les ficelles du m\u00e9tier avant de me lancer.<br><br>Passionn\u00e9e depuis toujours par le Design d\u2019int\u00e9rieur, je vous propose des ambiances cocooning, originales afin que vous vous sentiez mieux chez vous. <\/p>\n\n\n\n<p style=\"font-size:15px\">Cr\u00e9ative et passionn\u00e9e, je suis toujours \u00e0 l&rsquo;aff\u00fbt des nouvelles tendances afin de vous proposer une d\u00e9coration qui vous ressemble : votre foyer doit refl\u00e9ter votre personnalit\u00e9 tout en r\u00e9sistant aux tendances passag\u00e8res.<br>Il est important de d\u00e9finir une d\u00e9coration intemporelle tout en \u00e9tant dans l&rsquo;\u00e8re du temps. C&rsquo;est le d\u00e9fi que je vous propose !<\/p>\n<\/div>\n<\/div>\n\n\n\n<div class=\"wp-block-columns is-layout-flex wp-container-core-columns-layout-2 wp-block-columns-is-layout-flex\">\n<div class=\"wp-block-column is-layout-flow wp-block-column-is-layout-flow\" style=\"flex-basis:33.33%\">\n<figure class=\"wp-block-image size-large is-resized\"><img loading=\"lazy\" decoding=\"async\" width=\"999\" height=\"1800\" src=\"https:\/\/ag-homedeco.com\/wp-content\/uploads\/2024\/02\/image00015-999x1800.jpeg\" alt=\"\" class=\"wp-image-5742\" style=\"width:352px;height:634px\"\/><\/figure>\n<\/div>\n\n\n\n<div class=\"wp-block-column is-layout-flow wp-block-column-is-layout-flow\" style=\"flex-basis:66.66%\">\n<p style=\"font-size:15px\">Au del\u00e0 de l&rsquo;esth\u00e9tique, je fais en sorte que votre int\u00e9rieur soit fonctionnel et confortable et qu&rsquo;il convienne \u00e0 l&rsquo;ensemble des membres de la famille.<br>Que vous aillez une probl\u00e9matique d&rsquo;agencement, de choix de couleurs ou de mobilier, je suis l\u00e0 pour vous aider \u00e0 prendre les bonnes d\u00e9cisions. Mon accompagnement est 100% personnalis\u00e9 en fonction de vos attentes, de votre budget et de vos besoins.<br>Si vous n&rsquo;avez pas envie de vous occuper de vos travaux, je travaille en partenariat avec des artisans locaux qualifi\u00e9s, notamment <a href=\"https:\/\/www.ag-reno.com\/\">AG-R\u00e9no<\/a>, peintre en b\u00e2timent localis\u00e9 \u00e0 Domblans (qui est aussi mon mari).<\/p>\n\n\n\n<p style=\"font-size:15px\">Besoin d&rsquo;une d\u00e9coratrice bas\u00e9e \u00e0 Lons-le-Saunier ?<br>N&rsquo;h\u00e9sitez pas \u00e0 me contacter pour que nous puissions \u00e9changer ensemble sur votre projet d\u00e9co.<br>Je peux aussi travailler \u00e0 distance.<br>Dans ce cas, nous \u00e9changerons par t\u00e9l\u00e9phone et vous m&rsquo;enverrai vos plans et photos de votre pi\u00e8ce. A moi ensuite de travailler !<\/p>\n\n\n<p class=\"fonts-plugin-block \" style=\"font-family: Square Peg;font-weight: normal;font-size: 36px;line-height: 1\">Anne-Lise Gelot<\/p><\/div>\n<\/div>\n\n\n\n<div style=\"height:8px\" aria-hidden=\"true\" class=\"wp-block-spacer\"><\/div>\n\n\n\n<div style=\"height:55px\" aria-hidden=\"true\" class=\"wp-block-spacer\"><\/div>\n\n\n\n<div class=\"wp-block-buttons is-horizontal is-content-justification-center is-layout-flex wp-container-core-buttons-layout-1 wp-block-buttons-is-layout-flex\">\n<div class=\"wp-block-button\"><a class=\"wp-block-button__link wp-element-button\" href=\"https:\/\/ag-homedeco.com\/index.php\/contact\/\">DEMANDE DE DEVIS<\/a><\/div>\n<\/div>\n\n\n\n<div style=\"height:31px\" aria-hidden=\"true\" class=\"wp-block-spacer\"><\/div>\n\n\n\n<p><\/p>\n","protected":false},"excerpt":{"rendered":"\u00a9Loris fae D\u00c9CORATRICE A QUELQUES KILOM\u00c8TRES DE LONS-LE-SAUNIER DANS LE JURA Je m'appelle Anne-Lise GELOT et je suis d\u00e9coratrice d'int\u00e9rieur \u00e0 Domblans, proche ...","protected":false},"author":1,"featured_media":4836,"parent":0,"menu_order":20,"comment_status":"closed","ping_status":"closed","template":"","meta":{"footnotes":""},"yoast_head":"<!-- This site is optimized with the Yoast SEO plugin v22.1 - https:\/\/yoast.com\/wordpress\/plugins\/seo\/ -->\n<title>D\u00e9coratrice Lons-le-Saunier - AG Home Deco<\/title>\n<meta name=\"description\" content=\"Anne-Lise Gelot est un d\u00e9coratrice proche de Lons-le-Saunier bas\u00e9e proche de Lons-le-Saunier dans le Jura. Contactez AG Home D\u00e9co.\" \/>\n<meta name=\"robots\" content=\"index, follow, max-snippet:-1, max-image-preview:large, max-video-preview:-1\" \/>\n<link rel=\"canonical\" href=\"https:\/\/ag-homedeco.com\/index.php\/ag-homedeco-decoratrice-lons-le-saunier\/\" \/>\n<meta property=\"og:locale\" content=\"fr_FR\" \/>\n<meta property=\"og:type\" content=\"article\" \/>\n<meta property=\"og:title\" content=\"D\u00e9coratrice Lons-le-Saunier - AG Home Deco\" \/>\n<meta property=\"og:description\" content=\"Anne-Lise Gelot est un d\u00e9coratrice proche de Lons-le-Saunier bas\u00e9e proche de Lons-le-Saunier dans le Jura. Contactez AG Home D\u00e9co.\" \/>\n<meta property=\"og:url\" content=\"https:\/\/ag-homedeco.com\/index.php\/ag-homedeco-decoratrice-lons-le-saunier\/\" \/>\n<meta property=\"og:site_name\" content=\"AG Home Deco\" \/>\n<meta property=\"article:publisher\" content=\"https:\/\/www.facebook.com\/AGHomeDeco39\/\" \/>\n<meta property=\"article:modified_time\" content=\"2025-12-24T13:13:36+00:00\" \/>\n<meta property=\"og:image\" content=\"https:\/\/ag-homedeco.com\/wp-content\/uploads\/2021\/04\/portrait-1-scaled-e1619425275216.jpg\" \/>\n\t<meta property=\"og:image:width\" content=\"1000\" \/>\n\t<meta property=\"og:image:height\" content=\"1333\" \/>\n\t<meta property=\"og:image:type\" content=\"image\/jpeg\" \/>\n<meta name=\"twitter:card\" content=\"summary_large_image\" \/>\n<meta name=\"twitter:label1\" content=\"Dur\u00e9e de lecture estim\u00e9e\" \/>\n\t<meta name=\"twitter:data1\" content=\"2 minutes\" \/>\n<script type=\"application\/ld+json\" class=\"yoast-schema-graph\">{\"@context\":\"https:\/\/schema.org\",\"@graph\":[{\"@type\":\"WebPage\",\"@id\":\"https:\/\/ag-homedeco.com\/index.php\/ag-homedeco-decoratrice-lons-le-saunier\/\",\"url\":\"https:\/\/ag-homedeco.com\/index.php\/ag-homedeco-decoratrice-lons-le-saunier\/\",\"name\":\"D\u00e9coratrice Lons-le-Saunier - AG Home Deco\",\"isPartOf\":{\"@id\":\"https:\/\/ag-homedeco.com\/#website\"},\"datePublished\":\"2020-05-14T16:54:09+00:00\",\"dateModified\":\"2025-12-24T13:13:36+00:00\",\"description\":\"Anne-Lise Gelot est un d\u00e9coratrice proche de Lons-le-Saunier bas\u00e9e proche de Lons-le-Saunier dans le Jura. Contactez AG Home D\u00e9co.\",\"breadcrumb\":{\"@id\":\"https:\/\/ag-homedeco.com\/index.php\/ag-homedeco-decoratrice-lons-le-saunier\/#breadcrumb\"},\"inLanguage\":\"fr-FR\",\"potentialAction\":[{\"@type\":\"ReadAction\",\"target\":[\"https:\/\/ag-homedeco.com\/index.php\/ag-homedeco-decoratrice-lons-le-saunier\/\"]}]},{\"@type\":\"BreadcrumbList\",\"@id\":\"https:\/\/ag-homedeco.com\/index.php\/ag-homedeco-decoratrice-lons-le-saunier\/#breadcrumb\",\"itemListElement\":[{\"@type\":\"ListItem\",\"position\":1,\"name\":\"Accueil\",\"item\":\"https:\/\/ag-homedeco.com\/\"},{\"@type\":\"ListItem\",\"position\":2,\"name\":\"D\u00e9coratrice proche de Lons-le-Saunier\"}]},{\"@type\":\"WebSite\",\"@id\":\"https:\/\/ag-homedeco.com\/#website\",\"url\":\"https:\/\/ag-homedeco.com\/\",\"name\":\"AG Home Deco\",\"description\":\"D\u00e9coration dint\u00e9rieur\",\"publisher\":{\"@id\":\"https:\/\/ag-homedeco.com\/#organization\"},\"potentialAction\":[{\"@type\":\"SearchAction\",\"target\":{\"@type\":\"EntryPoint\",\"urlTemplate\":\"https:\/\/ag-homedeco.com\/?s={search_term_string}\"},\"query-input\":\"required name=search_term_string\"}],\"inLanguage\":\"fr-FR\"},{\"@type\":\"Organization\",\"@id\":\"https:\/\/ag-homedeco.com\/#organization\",\"name\":\"AG Home Deco\",\"url\":\"https:\/\/ag-homedeco.com\/\",\"logo\":{\"@type\":\"ImageObject\",\"inLanguage\":\"fr-FR\",\"@id\":\"https:\/\/ag-homedeco.com\/#\/schema\/logo\/image\/\",\"url\":\"https:\/\/ag-homedeco.com\/wp-content\/uploads\/2021\/04\/Fichier-1-1.png\",\"contentUrl\":\"https:\/\/ag-homedeco.com\/wp-content\/uploads\/2021\/04\/Fichier-1-1.png\",\"width\":500,\"height\":239,\"caption\":\"AG Home Deco\"},\"image\":{\"@id\":\"https:\/\/ag-homedeco.com\/#\/schema\/logo\/image\/\"},\"sameAs\":[\"https:\/\/www.facebook.com\/AGHomeDeco39\/\",\"https:\/\/www.instagram.com\/ag_homedeco\/\"]}]}<\/script>\n<!-- \/ Yoast SEO plugin. -->","yoast_head_json":{"title":"D\u00e9coratrice Lons-le-Saunier - AG Home Deco","description":"Anne-Lise Gelot est un d\u00e9coratrice proche de Lons-le-Saunier bas\u00e9e proche de Lons-le-Saunier dans le Jura. Contactez AG Home D\u00e9co.","robots":{"index":"index","follow":"follow","max-snippet":"max-snippet:-1","max-image-preview":"max-image-preview:large","max-video-preview":"max-video-preview:-1"},"canonical":"https:\/\/ag-homedeco.com\/index.php\/ag-homedeco-decoratrice-lons-le-saunier\/","og_locale":"fr_FR","og_type":"article","og_title":"D\u00e9coratrice Lons-le-Saunier - AG Home Deco","og_description":"Anne-Lise Gelot est un d\u00e9coratrice proche de Lons-le-Saunier bas\u00e9e proche de Lons-le-Saunier dans le Jura. Contactez AG Home D\u00e9co.","og_url":"https:\/\/ag-homedeco.com\/index.php\/ag-homedeco-decoratrice-lons-le-saunier\/","og_site_name":"AG Home Deco","article_publisher":"https:\/\/www.facebook.com\/AGHomeDeco39\/","article_modified_time":"2025-12-24T13:13:36+00:00","og_image":[{"width":1000,"height":1333,"url":"https:\/\/ag-homedeco.com\/wp-content\/uploads\/2021\/04\/portrait-1-scaled-e1619425275216.jpg","type":"image\/jpeg"}],"twitter_card":"summary_large_image","twitter_misc":{"Dur\u00e9e de lecture estim\u00e9e":"2 minutes"},"schema":{"@context":"https:\/\/schema.org","@graph":[{"@type":"WebPage","@id":"https:\/\/ag-homedeco.com\/index.php\/ag-homedeco-decoratrice-lons-le-saunier\/","url":"https:\/\/ag-homedeco.com\/index.php\/ag-homedeco-decoratrice-lons-le-saunier\/","name":"D\u00e9coratrice Lons-le-Saunier - AG Home Deco","isPartOf":{"@id":"https:\/\/ag-homedeco.com\/#website"},"datePublished":"2020-05-14T16:54:09+00:00","dateModified":"2025-12-24T13:13:36+00:00","description":"Anne-Lise Gelot est un d\u00e9coratrice proche de Lons-le-Saunier bas\u00e9e proche de Lons-le-Saunier dans le Jura. Contactez AG Home D\u00e9co.","breadcrumb":{"@id":"https:\/\/ag-homedeco.com\/index.php\/ag-homedeco-decoratrice-lons-le-saunier\/#breadcrumb"},"inLanguage":"fr-FR","potentialAction":[{"@type":"ReadAction","target":["https:\/\/ag-homedeco.com\/index.php\/ag-homedeco-decoratrice-lons-le-saunier\/"]}]},{"@type":"BreadcrumbList","@id":"https:\/\/ag-homedeco.com\/index.php\/ag-homedeco-decoratrice-lons-le-saunier\/#breadcrumb","itemListElement":[{"@type":"ListItem","position":1,"name":"Accueil","item":"https:\/\/ag-homedeco.com\/"},{"@type":"ListItem","position":2,"name":"D\u00e9coratrice proche de Lons-le-Saunier"}]},{"@type":"WebSite","@id":"https:\/\/ag-homedeco.com\/#website","url":"https:\/\/ag-homedeco.com\/","name":"AG Home Deco","description":"D\u00e9coration dint\u00e9rieur","publisher":{"@id":"https:\/\/ag-homedeco.com\/#organization"},"potentialAction":[{"@type":"SearchAction","target":{"@type":"EntryPoint","urlTemplate":"https:\/\/ag-homedeco.com\/?s={search_term_string}"},"query-input":"required name=search_term_string"}],"inLanguage":"fr-FR"},{"@type":"Organization","@id":"https:\/\/ag-homedeco.com\/#organization","name":"AG Home Deco","url":"https:\/\/ag-homedeco.com\/","logo":{"@type":"ImageObject","inLanguage":"fr-FR","@id":"https:\/\/ag-homedeco.com\/#\/schema\/logo\/image\/","url":"https:\/\/ag-homedeco.com\/wp-content\/uploads\/2021\/04\/Fichier-1-1.png","contentUrl":"https:\/\/ag-homedeco.com\/wp-content\/uploads\/2021\/04\/Fichier-1-1.png","width":500,"height":239,"caption":"AG Home Deco"},"image":{"@id":"https:\/\/ag-homedeco.com\/#\/schema\/logo\/image\/"},"sameAs":["https:\/\/www.facebook.com\/AGHomeDeco39\/","https:\/\/www.instagram.com\/ag_homedeco\/"]}]}},"_links":{"self":[{"href":"https:\/\/ag-homedeco.com\/index.php\/wp-json\/wp\/v2\/pages\/522"}],"collection":[{"href":"https:\/\/ag-homedeco.com\/index.php\/wp-json\/wp\/v2\/pages"}],"about":[{"href":"https:\/\/ag-homedeco.com\/index.php\/wp-json\/wp\/v2\/types\/page"}],"author":[{"embeddable":true,"href":"https:\/\/ag-homedeco.com\/index.php\/wp-json\/wp\/v2\/users\/1"}],"replies":[{"embeddable":true,"href":"https:\/\/ag-homedeco.com\/index.php\/wp-json\/wp\/v2\/comments?post=522"}],"version-history":[{"count":91,"href":"https:\/\/ag-homedeco.com\/index.php\/wp-json\/wp\/v2\/pages\/522\/revisions"}],"predecessor-version":[{"id":6180,"href":"https:\/\/ag-homedeco.com\/index.php\/wp-json\/wp\/v2\/pages\/522\/revisions\/6180"}],"wp:featuredmedia":[{"embeddable":true,"href":"https:\/\/ag-homedeco.com\/index.php\/wp-json\/wp\/v2\/media\/4836"}],"wp:attachment":[{"href":"https:\/\/ag-homedeco.com\/index.php\/wp-json\/wp\/v2\/media?parent=522"}],"curies":[{"name":"wp","href":"https:\/\/api.w.org\/{rel}","templated":true}]}}